{"id":568,"date":"2019-05-27T13:06:09","date_gmt":"2019-05-27T11:06:09","guid":{"rendered":"https:\/\/centreitae.com\/?page_id=568"},"modified":"2020-04-15T11:48:12","modified_gmt":"2020-04-15T11:48:12","slug":"valoracions-psiquiatriques-de-capacitat-laboral","status":"publish","type":"page","link":"https:\/\/centreitae.com\/ca\/","title":{"rendered":"Valoracions Psiqui\u00e0triques de Capacitat Laboral"},"content":{"rendered":"[vc_row type=&#8221;full_width_background&#8221; full_screen_row_position=&#8221;middle&#8221; bg_image=&#8221;785&#8243; bg_position=&#8221;center center&#8221; bg_repeat=&#8221;no-repeat&#8221; full_height=&#8221;yes&#8221; bg_color=&#8221;#141414&#8243; scene_position=&#8221;center&#8221; text_color=&#8221;light&#8221; text_align=&#8221;left&#8221; color_overlay=&#8221;#444444&#8243; overlay_strength=&#8221;0.3&#8243; shape_divider_position=&#8221;bottom&#8221; bg_image_animation=&#8221;none&#8221; shape_type=&#8221;&#8221;][vc_column column_padding=&#8221;padding-2-percent&#8221; column_padding_position=&#8221;right&#8221; background_color_opacity=&#8221;1&#8243; background_hover_color_opacity=&#8221;1&#8243; column_link_target=&#8221;_self&#8221; column_shadow=&#8221;none&#8221; column_border_radius=&#8221;none&#8221; width=&#8221;2\/3&#8243; tablet_width_inherit=&#8221;default&#8221; tablet_text_alignment=&#8221;default&#8221; phone_text_alignment=&#8221;default&#8221; column_border_width=&#8221;none&#8221; column_border_style=&#8221;solid&#8221; bg_image_animation=&#8221;none&#8221;][vc_row_inner column_margin=&#8221;default&#8221; text_align=&#8221;left&#8221;][vc_column_inner column_padding=&#8221;no-extra-padding&#8221; column_padding_position=&#8221;all&#8221; background_color_opacity=&#8221;1&#8243; background_hover_color_opacity=&#8221;1&#8243; column_shadow=&#8221;none&#8221; column_border_radius=&#8221;none&#8221; column_link_target=&#8221;_self&#8221; width=&#8221;1\/1&#8243; tablet_width_inherit=&#8221;default&#8221; column_border_width=&#8221;none&#8221; column_border_style=&#8221;solid&#8221; bg_image_animation=&#8221;none&#8221;][vc_column_text css=&#8221;.vc_custom_1558953563406{margin-top: 20px !important;margin-bottom: 20px !important;}&#8221;]\n<h6>SERVEIS M\u00c8DICS ESPECIALITZATS<\/h6>\n[\/vc_column_text][vc_column_text css=&#8221;.vc_custom_1558953545933{padding-right: 5% !important;}&#8221;]\n<h1>Valoracions Psiqui\u00e0triques de Capacitat Laboral<\/h1>\n[\/vc_column_text][vc_column_text css=&#8221;.vc_custom_1558953582007{margin-bottom: 30px !important;padding-right: 5% !important;}&#8221; max_width=&#8221;650&#8243;]<strong>Peritatge Psiqui\u00e0tric<\/strong> de pacients en situaci\u00f3 de IT (Incapacitat Temporal), explorats des d&#8217;una \u00f2ptica exclusivament psiqui\u00e0trica-psicol\u00f2gica.[\/vc_column_text][\/vc_column_inner][\/vc_row_inner][\/vc_column][vc_column column_padding=&#8221;no-extra-padding&#8221; column_padding_position=&#8221;all&#8221; background_color_opacity=&#8221;1&#8243; background_hover_color_opacity=&#8221;1&#8243; column_link_target=&#8221;_self&#8221; column_shadow=&#8221;none&#8221; column_border_radius=&#8221;none&#8221; width=&#8221;1\/3&#8243; tablet_width_inherit=&#8221;default&#8221; tablet_text_alignment=&#8221;default&#8221; phone_text_alignment=&#8221;default&#8221; column_border_width=&#8221;none&#8221; column_border_style=&#8221;solid&#8221; bg_image_animation=&#8221;none&#8221;][\/vc_column][\/vc_row][vc_row type=&#8221;full_width_background&#8221; full_screen_row_position=&#8221;middle&#8221; bg_color=&#8221;#ffffff&#8221; scene_position=&#8221;center&#8221; text_color=&#8221;dark&#8221; text_align=&#8221;left&#8221; top_padding=&#8221;7%&#8221; bottom_padding=&#8221;5%&#8221; class=&#8221;vc_hidden-sm vc_hidden-xs&#8221; id=&#8221;quienes-somos&#8221; overlay_strength=&#8221;1&#8243; shape_divider_position=&#8221;bottom&#8221; bg_image_animation=&#8221;none&#8221; shape_type=&#8221;&#8221;][vc_column column_padding=&#8221;no-extra-padding&#8221; column_padding_position=&#8221;all&#8221; background_color_opacity=&#8221;1&#8243; background_hover_color_opacity=&#8221;1&#8243; column_link_target=&#8221;_self&#8221; column_shadow=&#8221;none&#8221; column_border_radius=&#8221;none&#8221; width=&#8221;1\/1&#8243; tablet_width_inherit=&#8221;default&#8221; tablet_text_alignment=&#8221;default&#8221; phone_text_alignment=&#8221;default&#8221; column_border_width=&#8221;none&#8221; column_border_style=&#8221;solid&#8221; bg_image_animation=&#8221;none&#8221; enable_animation=&#8221;true&#8221; animation=&#8221;fade-in-from-bottom&#8221;][vc_row_inner column_margin=&#8221;default&#8221; text_align=&#8221;left&#8221;][vc_column_inner column_padding=&#8221;no-extra-padding&#8221; column_padding_position=&#8221;all&#8221; background_color_opacity=&#8221;1&#8243; background_hover_color_opacity=&#8221;1&#8243; column_shadow=&#8221;none&#8221; column_border_radius=&#8221;none&#8221; column_link_target=&#8221;_self&#8221; width=&#8221;1\/1&#8243; tablet_width_inherit=&#8221;default&#8221; column_border_width=&#8221;none&#8221; column_border_style=&#8221;solid&#8221; bg_image_animation=&#8221;none&#8221; enable_animation=&#8221;true&#8221; animation=&#8221;fade-in-from-bottom&#8221;][vc_custom_heading text=&#8221;Qui som&#8221; font_container=&#8221;tag:h3|font_size:18|text_align:center|color:%23444444&#8243; google_fonts=&#8221;font_family:Roboto%3A100%2C100italic%2C300%2C300italic%2Cregular%2Citalic%2C500%2C500italic%2C700%2C700italic%2C900%2C900italic|font_style:400%20regular%3A400%3Anormal&#8221; css=&#8221;.vc_custom_1558953601594{margin-bottom: 5px !important;}&#8221;][vc_custom_heading text=&#8221;Centre Itae&#8221; font_container=&#8221;tag:h2|font_size:48|text_align:center|color:%23444444&#8243; use_theme_fonts=&#8221;yes&#8221; css=&#8221;.vc_custom_1557149136962{margin-bottom: 15px !important;}&#8221;][vc_custom_heading text=&#8221;Centre especialitzat en serveis m\u00e8dics de Psiquiatria i Peritatges\/Valoracions de capacitat laboral.&#8221; font_container=&#8221;tag:p|font_size:18|text_align:center|color:%23444444&#8243; use_theme_fonts=&#8221;yes&#8221; css=&#8221;.vc_custom_1558953617940{margin-bottom: 1% !important;}&#8221;][\/vc_column_inner][\/vc_row_inner][vc_row_inner column_margin=&#8221;default&#8221; top_padding=&#8221;3%&#8221; bottom_padding=&#8221;3%&#8221; text_align=&#8221;left&#8221;][vc_column_inner column_padding=&#8221;no-extra-padding&#8221; column_padding_position=&#8221;all&#8221; background_color_opacity=&#8221;1&#8243; background_hover_color_opacity=&#8221;1&#8243; column_shadow=&#8221;none&#8221; column_border_radius=&#8221;none&#8221; column_link_target=&#8221;_self&#8221; width=&#8221;1\/1&#8243; tablet_width_inherit=&#8221;default&#8221; column_border_width=&#8221;none&#8221; column_border_style=&#8221;solid&#8221; bg_image_animation=&#8221;none&#8221;]<div class=\"img-with-aniamtion-wrap center\" data-max-width=\"100%\" data-border-radius=\"none\"><div class=\"inner\"><img data-shadow=\"none\" data-shadow-direction=\"middle\" class=\"img-with-animation skip-lazy \" data-delay=\"0\" height=\"600\" width=\"1245\"  data-animation=\"fade-in\" src=\"https:\/\/centreitae.com\/wp-content\/uploads\/2020\/04\/centre-itae-peritajes-medicos.jpg\" srcset=\"https:\/\/centreitae.com\/wp-content\/uploads\/2020\/04\/centre-itae-peritajes-medicos.jpg 1245w, https:\/\/centreitae.com\/wp-content\/uploads\/2020\/04\/centre-itae-peritajes-medicos-300x145.jpg 300w, https:\/\/centreitae.com\/wp-content\/uploads\/2020\/04\/centre-itae-peritajes-medicos-1024x493.jpg 1024w, https:\/\/centreitae.com\/wp-content\/uploads\/2020\/04\/centre-itae-peritajes-medicos-768x370.jpg 768w\" sizes=\"100vw\" alt=\"\" \/><\/div><\/div>[\/vc_column_inner][\/vc_row_inner][vc_row_inner column_margin=&#8221;default&#8221; top_padding=&#8221;3%&#8221; text_align=&#8221;left&#8221;][vc_column_inner column_padding=&#8221;no-extra-padding&#8221; column_padding_position=&#8221;all&#8221; background_color_opacity=&#8221;1&#8243; background_hover_color_opacity=&#8221;1&#8243; column_shadow=&#8221;none&#8221; column_border_radius=&#8221;none&#8221; column_link_target=&#8221;_self&#8221; width=&#8221;1\/2&#8243; tablet_width_inherit=&#8221;default&#8221; column_border_width=&#8221;none&#8221; column_border_style=&#8221;solid&#8221; bg_image_animation=&#8221;none&#8221;][vc_column_text]El <strong>Centre Itae<\/strong> \u00e9s una empresa de <strong>serveis m\u00e8dics especialitzats en Psiquiatria i Psicologia cl\u00ednica<\/strong>, orientats, a la realitzaci\u00f3 de Valoracions Psicopatol\u00f2giques per a la capacitat laboral.<\/p>\n<p>El nostre <strong>principal objectiu<\/strong> \u00e9s col\u00b7laborar amb els Serveis de control ITCC (IT per Conting\u00e8ncia Comuna) quant a la <strong>valoraci\u00f3 cl\u00ednica i peritatge<\/strong> dels pacients en situaci\u00f3 de IT per patologia psiqui\u00e0trica-psicol\u00f2gica.<\/p>\n<p>A m\u00e9s, tamb\u00e9 realitzem les mateixes valoracions en pacients que es troben en situaci\u00f3 de IT per Accident de Treball (AT).[\/vc_column_text][\/vc_column_inner][vc_column_inner column_padding=&#8221;no-extra-padding&#8221; column_padding_position=&#8221;all&#8221; background_color_opacity=&#8221;1&#8243; background_hover_color_opacity=&#8221;1&#8243; column_shadow=&#8221;none&#8221; column_border_radius=&#8221;none&#8221; column_link_target=&#8221;_self&#8221; width=&#8221;1\/2&#8243; tablet_width_inherit=&#8221;default&#8221; column_border_width=&#8221;none&#8221; column_border_style=&#8221;solid&#8221; bg_image_animation=&#8221;none&#8221;][vc_column_text]Treballem amb un <strong>equip d&#8217;experts<\/strong> per a dur a terme la valoraci\u00f3 de capacitat laboral del pacient amb <strong>la m\u00e0xima professionalitat<\/strong> possible, a trav\u00e9s dels <strong>peritatges psicol\u00f2gics i psiqui\u00e0trics<\/strong>.<\/p>\n<p>L&#8217;avaluaci\u00f3 de la capacitat implica una <strong>valoraci\u00f3 psiqui\u00e0trica-psicol\u00f2gica i psicom\u00e8trica<\/strong> per part d&#8217;un dels nostres experts, i la redacci\u00f3 d&#8217;un informe de la capacitat laboral.<\/p>\n<p>Avaluem a tots els pacients amb un equip de <strong>professionals especialitzats<\/strong> en les diferents \u00e0rees de <strong>Psiquiatria i Psicologia<\/strong>.[\/vc_column_text][\/vc_column_inner][\/vc_row_inner][\/vc_column][\/vc_row][vc_row type=&#8221;full_width_background&#8221; full_screen_row_position=&#8221;middle&#8221; bg_color=&#8221;#ffffff&#8221; scene_position=&#8221;center&#8221; text_color=&#8221;dark&#8221; text_align=&#8221;left&#8221; top_padding=&#8221;7%&#8221; bottom_padding=&#8221;5%&#8221; class=&#8221;vc_hidden-lg vc_hidden-md&#8221; id=&#8221;quienes-somos&#8221; overlay_strength=&#8221;1&#8243; shape_divider_position=&#8221;bottom&#8221; bg_image_animation=&#8221;none&#8221; shape_type=&#8221;&#8221;][vc_column column_padding=&#8221;no-extra-padding&#8221; column_padding_position=&#8221;all&#8221; background_color_opacity=&#8221;1&#8243; background_hover_color_opacity=&#8221;1&#8243; column_link_target=&#8221;_self&#8221; column_shadow=&#8221;none&#8221; column_border_radius=&#8221;none&#8221; width=&#8221;1\/1&#8243; tablet_width_inherit=&#8221;default&#8221; tablet_text_alignment=&#8221;default&#8221; phone_text_alignment=&#8221;default&#8221; column_border_width=&#8221;none&#8221; column_border_style=&#8221;solid&#8221; bg_image_animation=&#8221;none&#8221; enable_animation=&#8221;true&#8221; animation=&#8221;fade-in-from-bottom&#8221;][vc_row_inner column_margin=&#8221;default&#8221; top_padding=&#8221;5%&#8221; text_align=&#8221;left&#8221;][vc_column_inner column_padding=&#8221;no-extra-padding&#8221; column_padding_position=&#8221;all&#8221; background_color_opacity=&#8221;1&#8243; background_hover_color_opacity=&#8221;1&#8243; column_shadow=&#8221;none&#8221; column_border_radius=&#8221;none&#8221; column_link_target=&#8221;_self&#8221; width=&#8221;1\/1&#8243; tablet_width_inherit=&#8221;default&#8221; column_border_width=&#8221;none&#8221; column_border_style=&#8221;solid&#8221; bg_image_animation=&#8221;none&#8221; enable_animation=&#8221;true&#8221; animation=&#8221;fade-in-from-bottom&#8221;][vc_custom_heading text=&#8221;Qui som&#8221; font_container=&#8221;tag:h3|font_size:18|text_align:left|color:%23444444&#8243; google_fonts=&#8221;font_family:Roboto%3A100%2C100italic%2C300%2C300italic%2Cregular%2Citalic%2C500%2C500italic%2C700%2C700italic%2C900%2C900italic|font_style:400%20regular%3A400%3Anormal&#8221; css=&#8221;.vc_custom_1558953680697{margin-bottom: 5px !important;}&#8221;][vc_custom_heading text=&#8221;Centre Itae&#8221; font_container=&#8221;tag:h2|font_size:48|text_align:left|color:%23444444&#8243; use_theme_fonts=&#8221;yes&#8221; css=&#8221;.vc_custom_1558437662654{margin-bottom: 15px !important;}&#8221;][vc_custom_heading text=&#8221;Centre especialitzat en serveis m\u00e8dics de Psiquiatria i Peritatges\/Valoracions de capacitat laboral.&#8221; font_container=&#8221;tag:p|font_size:18|text_align:left|color:%23444444&#8243; use_theme_fonts=&#8221;yes&#8221; css=&#8221;.vc_custom_1558953697492{margin-bottom: 1% !important;}&#8221;][\/vc_column_inner][\/vc_row_inner][vc_row_inner column_margin=&#8221;default&#8221; top_padding=&#8221;3%&#8221; bottom_padding=&#8221;3%&#8221; text_align=&#8221;left&#8221;][vc_column_inner column_padding=&#8221;no-extra-padding&#8221; column_padding_position=&#8221;all&#8221; background_color_opacity=&#8221;1&#8243; background_hover_color_opacity=&#8221;1&#8243; column_shadow=&#8221;none&#8221; column_border_radius=&#8221;none&#8221; column_link_target=&#8221;_self&#8221; width=&#8221;1\/1&#8243; tablet_width_inherit=&#8221;default&#8221; column_border_width=&#8221;none&#8221; column_border_style=&#8221;solid&#8221; bg_image_animation=&#8221;none&#8221;]<div class=\"img-with-aniamtion-wrap center\" data-max-width=\"100%\" data-border-radius=\"none\"><div class=\"inner\"><img data-shadow=\"none\" data-shadow-direction=\"middle\" class=\"img-with-animation skip-lazy \" data-delay=\"0\" height=\"600\" width=\"1245\"  data-animation=\"fade-in\" src=\"https:\/\/centreitae.com\/wp-content\/uploads\/2020\/04\/centre-itae-peritajes-medicos.jpg\" srcset=\"https:\/\/centreitae.com\/wp-content\/uploads\/2020\/04\/centre-itae-peritajes-medicos.jpg 1245w, https:\/\/centreitae.com\/wp-content\/uploads\/2020\/04\/centre-itae-peritajes-medicos-300x145.jpg 300w, https:\/\/centreitae.com\/wp-content\/uploads\/2020\/04\/centre-itae-peritajes-medicos-1024x493.jpg 1024w, https:\/\/centreitae.com\/wp-content\/uploads\/2020\/04\/centre-itae-peritajes-medicos-768x370.jpg 768w\" sizes=\"100vw\" alt=\"\" \/><\/div><\/div>[\/vc_column_inner][\/vc_row_inner][vc_row_inner column_margin=&#8221;default&#8221; top_padding=&#8221;3%&#8221; text_align=&#8221;left&#8221;][vc_column_inner column_padding=&#8221;no-extra-padding&#8221; column_padding_position=&#8221;all&#8221; background_color_opacity=&#8221;1&#8243; background_hover_color_opacity=&#8221;1&#8243; column_shadow=&#8221;none&#8221; column_border_radius=&#8221;none&#8221; column_link_target=&#8221;_self&#8221; width=&#8221;1\/2&#8243; tablet_width_inherit=&#8221;default&#8221; column_border_width=&#8221;none&#8221; column_border_style=&#8221;solid&#8221; bg_image_animation=&#8221;none&#8221;][vc_column_text]El <strong>Centre Itae<\/strong> \u00e9s una empresa de <strong>serveis m\u00e8dics especialitzats en Psiquiatria i Psicologia cl\u00ednica<\/strong>, orientats, a la realitzaci\u00f3 de Valoracions Psicopatol\u00f2giques per a la capacitat laboral.<\/p>\n<p>El nostre <strong>principal objectiu<\/strong> \u00e9s col\u00b7laborar amb els Serveis de control ITCC (IT per Conting\u00e8ncia Comuna) quant a la <strong>valoraci\u00f3 cl\u00ednica i peritatge<\/strong> dels pacients en situaci\u00f3 de IT per patologia psiqui\u00e0trica-psicol\u00f2gica.<\/p>\n<p>A m\u00e9s, tamb\u00e9 realitzem les mateixes valoracions en pacients que es troben en situaci\u00f3 de IT per Accident de Treball (AT).[\/vc_column_text][\/vc_column_inner][vc_column_inner column_padding=&#8221;no-extra-padding&#8221; column_padding_position=&#8221;all&#8221; background_color_opacity=&#8221;1&#8243; background_hover_color_opacity=&#8221;1&#8243; column_shadow=&#8221;none&#8221; column_border_radius=&#8221;none&#8221; column_link_target=&#8221;_self&#8221; width=&#8221;1\/2&#8243; tablet_width_inherit=&#8221;default&#8221; column_border_width=&#8221;none&#8221; column_border_style=&#8221;solid&#8221; bg_image_animation=&#8221;none&#8221;][vc_column_text]Treballem amb un <strong>equip d&#8217;experts<\/strong> per a dur a terme la valoraci\u00f3 de capacitat laboral del pacient amb <strong>la m\u00e0xima professionalitat<\/strong> possible, a trav\u00e9s dels <strong>peritatges psicol\u00f2gics i psiqui\u00e0trics<\/strong>.<\/p>\n<p>L&#8217;avaluaci\u00f3 de la capacitat implica una <strong>valoraci\u00f3 psiqui\u00e0trica-psicol\u00f2gica i psicom\u00e8trica<\/strong> per part d&#8217;un dels nostres experts, i la redacci\u00f3 d&#8217;un informe de la capacitat laboral.<\/p>\n<p>Avaluem a tots els pacients amb un equip de <strong>professionals especialitzats<\/strong> en les diferents \u00e0rees de <strong>Psiquiatria i Psicologia<\/strong>.[\/vc_column_text][\/vc_column_inner][\/vc_row_inner][\/vc_column][\/vc_row][vc_row type=&#8221;full_width_background&#8221; full_screen_row_position=&#8221;middle&#8221; bg_color=&#8221;#ffffff&#8221; scene_position=&#8221;center&#8221; text_color=&#8221;dark&#8221; text_align=&#8221;left&#8221; top_padding=&#8221;5%&#8221; bottom_padding=&#8221;5%&#8221; class=&#8221;vc_hidden-sm vc_hidden-xs&#8221; id=&#8221;servicios&#8221; overlay_strength=&#8221;0.5&#8243; shape_divider_position=&#8221;bottom&#8221; bg_image_animation=&#8221;none&#8221; shape_type=&#8221;&#8221;][vc_column column_padding=&#8221;no-extra-padding&#8221; column_padding_position=&#8221;all&#8221; background_color_opacity=&#8221;1&#8243; background_hover_color_opacity=&#8221;1&#8243; column_link_target=&#8221;_self&#8221; column_shadow=&#8221;none&#8221; column_border_radius=&#8221;none&#8221; width=&#8221;1\/1&#8243; tablet_width_inherit=&#8221;default&#8221; tablet_text_alignment=&#8221;default&#8221; phone_text_alignment=&#8221;default&#8221; column_border_width=&#8221;none&#8221; column_border_style=&#8221;solid&#8221; bg_image_animation=&#8221;none&#8221;][vc_row_inner column_margin=&#8221;default&#8221; text_align=&#8221;left&#8221;][vc_column_inner column_padding=&#8221;no-extra-padding&#8221; column_padding_position=&#8221;all&#8221; background_color_opacity=&#8221;1&#8243; background_hover_color_opacity=&#8221;1&#8243; column_shadow=&#8221;none&#8221; column_border_radius=&#8221;none&#8221; column_link_target=&#8221;_self&#8221; width=&#8221;1\/1&#8243; tablet_width_inherit=&#8221;default&#8221; column_border_width=&#8221;none&#8221; column_border_style=&#8221;solid&#8221; bg_image_animation=&#8221;none&#8221; enable_animation=&#8221;true&#8221; animation=&#8221;fade-in-from-bottom&#8221;][vc_custom_heading text=&#8221;Serveis m\u00e8dics especialitzats&#8221; font_container=&#8221;tag:h3|font_size:18|text_align:center|color:%23444444&#8243; google_fonts=&#8221;font_family:Roboto%3A100%2C100italic%2C300%2C300italic%2Cregular%2Citalic%2C500%2C500italic%2C700%2C700italic%2C900%2C900italic|font_style:400%20regular%3A400%3Anormal&#8221; css=&#8221;.vc_custom_1558953750542{margin-bottom: 5px !important;}&#8221;][vc_custom_heading text=&#8221;Peritatges Laborals&#8221; font_container=&#8221;tag:h2|font_size:48|text_align:center|color:%23444444&#8243; use_theme_fonts=&#8221;yes&#8221; css=&#8221;.vc_custom_1558953763875{margin-bottom: 15px !important;}&#8221;][vc_custom_heading text=&#8221;Valoracions Psicopatol\u00f2giques per a la capacitat laboral dels treballadors&#8221; font_container=&#8221;tag:p|font_size:18|text_align:center|color:%23444444&#8243; use_theme_fonts=&#8221;yes&#8221; css=&#8221;.vc_custom_1558953777583{margin-bottom: 1% !important;}&#8221;][\/vc_column_inner][\/vc_row_inner][vc_row_inner equal_height=&#8221;yes&#8221; content_placement=&#8221;middle&#8221; column_margin=&#8221;default&#8221; text_align=&#8221;left&#8221;][vc_column_inner column_padding=&#8221;no-extra-padding&#8221; column_padding_position=&#8221;all&#8221; background_color_opacity=&#8221;1&#8243; background_hover_color_opacity=&#8221;1&#8243; column_shadow=&#8221;none&#8221; column_border_radius=&#8221;none&#8221; column_link_target=&#8221;_self&#8221; width=&#8221;1\/3&#8243; tablet_width_inherit=&#8221;default&#8221; column_border_width=&#8221;none&#8221; column_border_style=&#8221;solid&#8221; bg_image_animation=&#8221;none&#8221;][vc_column_text]\n<p style=\"text-align: right;\"><strong>PSIQUIATRIA<\/strong><\/p>\n<p style=\"text-align: right;\">At\u00e8s un motiu inicial de consulta, mitjan\u00e7ant la intervenci\u00f3 per part d&#8217;un metge especialista en Psiquiatria, s&#8217;efectua una valoraci\u00f3 psicopatol\u00f2gica amb l&#8217;objectiu de determinar la capacitat laboral.<\/p>\n[\/vc_column_text][\/vc_column_inner][vc_column_inner column_padding=&#8221;no-extra-padding&#8221; column_padding_position=&#8221;all&#8221; background_color_opacity=&#8221;1&#8243; background_hover_color_opacity=&#8221;1&#8243; column_shadow=&#8221;none&#8221; column_border_radius=&#8221;none&#8221; column_link_target=&#8221;_self&#8221; width=&#8221;1\/3&#8243; tablet_width_inherit=&#8221;default&#8221; column_border_width=&#8221;none&#8221; column_border_style=&#8221;solid&#8221; bg_image_animation=&#8221;none&#8221;]<div class=\"img-with-aniamtion-wrap center\" data-max-width=\"100%\" data-border-radius=\"none\"><div class=\"inner\"><img data-shadow=\"none\" data-shadow-direction=\"middle\" class=\"img-with-animation skip-lazy \" data-delay=\"0\" height=\"450\" width=\"450\"  data-animation=\"fade-in\" src=\"https:\/\/centreitae.com\/wp-content\/uploads\/2020\/04\/grafica-servicios.jpg\" srcset=\"https:\/\/centreitae.com\/wp-content\/uploads\/2020\/04\/grafica-servicios.jpg 450w, https:\/\/centreitae.com\/wp-content\/uploads\/2020\/04\/grafica-servicios-300x300.jpg 300w, https:\/\/centreitae.com\/wp-content\/uploads\/2020\/04\/grafica-servicios-150x150.jpg 150w, https:\/\/centreitae.com\/wp-content\/uploads\/2020\/04\/grafica-servicios-100x100.jpg 100w, https:\/\/centreitae.com\/wp-content\/uploads\/2020\/04\/grafica-servicios-140x140.jpg 140w, https:\/\/centreitae.com\/wp-content\/uploads\/2020\/04\/grafica-servicios-350x350.jpg 350w\" sizes=\"100vw\" alt=\"\" \/><\/div><\/div>[\/vc_column_inner][vc_column_inner column_padding=&#8221;no-extra-padding&#8221; column_padding_position=&#8221;all&#8221; background_color_opacity=&#8221;1&#8243; background_hover_color_opacity=&#8221;1&#8243; column_shadow=&#8221;none&#8221; column_border_radius=&#8221;none&#8221; column_link_target=&#8221;_self&#8221; width=&#8221;1\/3&#8243; tablet_width_inherit=&#8221;default&#8221; column_border_width=&#8221;none&#8221; column_border_style=&#8221;solid&#8221; bg_image_animation=&#8221;none&#8221;][vc_column_text]<strong>PSICOLOGIA<\/strong><\/p>\n<p>Servei realitzat per part d&#8217;un Psic\u00f2leg\/a especialitzat\/a amb l&#8217;objectiu de valorar la cl\u00ednica psicopatol\u00f2gica present en els pacients i determinar si es precisa un tractament\/ seguiment cl\u00ednic\/ terap\u00e8utic.[\/vc_column_text][\/vc_column_inner][\/vc_row_inner][vc_row_inner column_margin=&#8221;default&#8221; top_padding=&#8221;20&#8243; text_align=&#8221;left&#8221;][vc_column_inner column_padding=&#8221;padding-3-percent&#8221; column_padding_position=&#8221;all&#8221; background_color_opacity=&#8221;1&#8243; background_hover_color_opacity=&#8221;1&#8243; column_shadow=&#8221;none&#8221; column_border_radius=&#8221;none&#8221; column_link_target=&#8221;_self&#8221; width=&#8221;1\/3&#8243; tablet_width_inherit=&#8221;default&#8221; column_border_width=&#8221;none&#8221; column_border_style=&#8221;solid&#8221; bg_image_animation=&#8221;none&#8221; enable_animation=&#8221;true&#8221; animation=&#8221;fade-in-from-bottom&#8221;][\/vc_column_inner][vc_column_inner column_padding=&#8221;no-extra-padding&#8221; column_padding_position=&#8221;all&#8221; background_color_opacity=&#8221;1&#8243; background_hover_color_opacity=&#8221;1&#8243; column_shadow=&#8221;none&#8221; column_border_radius=&#8221;none&#8221; column_link_target=&#8221;_self&#8221; width=&#8221;1\/3&#8243; tablet_width_inherit=&#8221;default&#8221; column_border_width=&#8221;none&#8221; column_border_style=&#8221;solid&#8221; bg_image_animation=&#8221;none&#8221; enable_animation=&#8221;true&#8221; animation=&#8221;fade-in-from-bottom&#8221;][vc_column_text]\n<p style=\"text-align: center;\"><strong>NEUROPSICOLOGIA<\/strong><\/p>\n<p style=\"text-align: center;\">Amb l&#8217;objectiu de determinar el nivell de possible deterioraci\u00f3 cognitiva o altres d\u00e8ficits amn\u00e8sics i\/o atencionals, es realitza una Valoraci\u00f3 per part d&#8217;un professional especialitzat en Neuropsicologia.<\/p>\n[\/vc_column_text][\/vc_column_inner][vc_column_inner column_padding=&#8221;no-extra-padding&#8221; column_padding_position=&#8221;all&#8221; background_color_opacity=&#8221;1&#8243; background_hover_color_opacity=&#8221;1&#8243; column_shadow=&#8221;none&#8221; column_border_radius=&#8221;none&#8221; column_link_target=&#8221;_self&#8221; width=&#8221;1\/3&#8243; tablet_width_inherit=&#8221;default&#8221; column_border_width=&#8221;none&#8221; column_border_style=&#8221;solid&#8221; bg_image_animation=&#8221;none&#8221;][\/vc_column_inner][\/vc_row_inner][\/vc_column][\/vc_row][vc_row type=&#8221;full_width_background&#8221; full_screen_row_position=&#8221;middle&#8221; bg_color=&#8221;#ffffff&#8221; scene_position=&#8221;center&#8221; text_color=&#8221;dark&#8221; text_align=&#8221;left&#8221; top_padding=&#8221;5%&#8221; bottom_padding=&#8221;5%&#8221; class=&#8221;vc_hidden-lg vc_hidden-md&#8221; id=&#8221;servicios&#8221; overlay_strength=&#8221;0.5&#8243; shape_divider_position=&#8221;bottom&#8221; bg_image_animation=&#8221;none&#8221; shape_type=&#8221;&#8221;][vc_column column_padding=&#8221;no-extra-padding&#8221; column_padding_position=&#8221;all&#8221; background_color_opacity=&#8221;1&#8243; background_hover_color_opacity=&#8221;1&#8243; column_link_target=&#8221;_self&#8221; column_shadow=&#8221;none&#8221; column_border_radius=&#8221;none&#8221; width=&#8221;1\/1&#8243; tablet_width_inherit=&#8221;default&#8221; tablet_text_alignment=&#8221;default&#8221; phone_text_alignment=&#8221;default&#8221; column_border_width=&#8221;none&#8221; column_border_style=&#8221;solid&#8221; bg_image_animation=&#8221;none&#8221;][vc_row_inner column_margin=&#8221;default&#8221; text_align=&#8221;left&#8221;][vc_column_inner column_padding=&#8221;no-extra-padding&#8221; column_padding_position=&#8221;all&#8221; background_color_opacity=&#8221;1&#8243; background_hover_color_opacity=&#8221;1&#8243; column_shadow=&#8221;none&#8221; column_border_radius=&#8221;none&#8221; column_link_target=&#8221;_self&#8221; width=&#8221;1\/1&#8243; tablet_width_inherit=&#8221;default&#8221; column_border_width=&#8221;none&#8221; column_border_style=&#8221;solid&#8221; bg_image_animation=&#8221;none&#8221; enable_animation=&#8221;true&#8221; animation=&#8221;fade-in-from-bottom&#8221;][vc_custom_heading text=&#8221;Serveis m\u00e8dics especialitzats&#8221; font_container=&#8221;tag:h3|font_size:18|text_align:left|color:%23444444&#8243; google_fonts=&#8221;font_family:Roboto%3A100%2C100italic%2C300%2C300italic%2Cregular%2Citalic%2C500%2C500italic%2C700%2C700italic%2C900%2C900italic|font_style:400%20regular%3A400%3Anormal&#8221; css=&#8221;.vc_custom_1558953845278{margin-bottom: 5px !important;}&#8221;][vc_custom_heading text=&#8221;Peritatges Laborals&#8221; font_container=&#8221;tag:h2|font_size:48|text_align:left|color:%23444444&#8243; use_theme_fonts=&#8221;yes&#8221; css=&#8221;.vc_custom_1558953859596{margin-bottom: 15px !important;}&#8221;][vc_custom_heading text=&#8221;Valoracions Psicopatol\u00f2giques per a la capacitat laboral dels treballadors&#8221; font_container=&#8221;tag:p|font_size:18|text_align:left|color:%23444444&#8243; use_theme_fonts=&#8221;yes&#8221; css=&#8221;.vc_custom_1558953874886{margin-bottom: 1% !important;}&#8221;][\/vc_column_inner][\/vc_row_inner][vc_row_inner equal_height=&#8221;yes&#8221; content_placement=&#8221;middle&#8221; column_margin=&#8221;default&#8221; text_align=&#8221;left&#8221;][vc_column_inner column_padding=&#8221;no-extra-padding&#8221; column_padding_position=&#8221;all&#8221; background_color_opacity=&#8221;1&#8243; background_hover_color_opacity=&#8221;1&#8243; column_shadow=&#8221;none&#8221; column_border_radius=&#8221;none&#8221; column_link_target=&#8221;_self&#8221; width=&#8221;1\/2&#8243; tablet_width_inherit=&#8221;default&#8221; column_border_width=&#8221;none&#8221; column_border_style=&#8221;solid&#8221; bg_image_animation=&#8221;none&#8221;]<div class=\"img-with-aniamtion-wrap center\" data-max-width=\"100%\" data-border-radius=\"none\"><div class=\"inner\"><img data-shadow=\"none\" data-shadow-direction=\"middle\" class=\"img-with-animation skip-lazy \" data-delay=\"0\" height=\"450\" width=\"450\"  data-animation=\"fade-in\" src=\"https:\/\/centreitae.com\/wp-content\/uploads\/2020\/04\/grafica-servicios.jpg\" srcset=\"https:\/\/centreitae.com\/wp-content\/uploads\/2020\/04\/grafica-servicios.jpg 450w, https:\/\/centreitae.com\/wp-content\/uploads\/2020\/04\/grafica-servicios-300x300.jpg 300w, https:\/\/centreitae.com\/wp-content\/uploads\/2020\/04\/grafica-servicios-150x150.jpg 150w, https:\/\/centreitae.com\/wp-content\/uploads\/2020\/04\/grafica-servicios-100x100.jpg 100w, https:\/\/centreitae.com\/wp-content\/uploads\/2020\/04\/grafica-servicios-140x140.jpg 140w, https:\/\/centreitae.com\/wp-content\/uploads\/2020\/04\/grafica-servicios-350x350.jpg 350w\" sizes=\"100vw\" alt=\"\" \/><\/div><\/div>[\/vc_column_inner][vc_column_inner column_padding=&#8221;no-extra-padding&#8221; column_padding_position=&#8221;all&#8221; background_color_opacity=&#8221;1&#8243; background_hover_color_opacity=&#8221;1&#8243; column_shadow=&#8221;none&#8221; column_border_radius=&#8221;none&#8221; column_link_target=&#8221;_self&#8221; width=&#8221;1\/2&#8243; tablet_width_inherit=&#8221;default&#8221; column_border_width=&#8221;none&#8221; column_border_style=&#8221;solid&#8221; bg_image_animation=&#8221;none&#8221;][vc_column_text]<strong>PSIQUIATRIA<\/strong><\/p>\n<p>At\u00e8s un motiu inicial de consulta, mitjan\u00e7ant la intervenci\u00f3 per part d&#8217;un metge especialista en Psiquiatria, s&#8217;efectua una valoraci\u00f3 psicopatol\u00f2gica amb l&#8217;objectiu de determinar la capacitat laboral.[\/vc_column_text][\/vc_column_inner][\/vc_row_inner][vc_row_inner column_margin=&#8221;default&#8221; top_padding=&#8221;20&#8243; text_align=&#8221;left&#8221;][vc_column_inner column_padding=&#8221;no-extra-padding&#8221; column_padding_position=&#8221;all&#8221; background_color_opacity=&#8221;1&#8243; background_hover_color_opacity=&#8221;1&#8243; column_shadow=&#8221;none&#8221; column_border_radius=&#8221;none&#8221; column_link_target=&#8221;_self&#8221; width=&#8221;1\/2&#8243; tablet_width_inherit=&#8221;default&#8221; column_border_width=&#8221;none&#8221; column_border_style=&#8221;solid&#8221; bg_image_animation=&#8221;none&#8221; enable_animation=&#8221;true&#8221; animation=&#8221;fade-in-from-bottom&#8221;][vc_column_text]<strong>PSICOLOGIA<\/strong><\/p>\n<p>Servei realitzat per part d&#8217;un Psic\u00f2leg\/a especialitzat\/a amb l&#8217;objectiu de valorar la cl\u00ednica psicopatol\u00f2gica present en els pacients i determinar si es precisa un tractament\/ seguiment cl\u00ednic\/ terap\u00e8utic.[\/vc_column_text][\/vc_column_inner][vc_column_inner column_padding=&#8221;no-extra-padding&#8221; column_padding_position=&#8221;all&#8221; background_color_opacity=&#8221;1&#8243; background_hover_color_opacity=&#8221;1&#8243; column_shadow=&#8221;none&#8221; column_border_radius=&#8221;none&#8221; column_link_target=&#8221;_self&#8221; width=&#8221;1\/2&#8243; tablet_width_inherit=&#8221;default&#8221; column_border_width=&#8221;none&#8221; column_border_style=&#8221;solid&#8221; bg_image_animation=&#8221;none&#8221; enable_animation=&#8221;true&#8221; animation=&#8221;fade-in-from-bottom&#8221;][vc_column_text]<strong>NEUROPSICOLOGIA<\/strong><\/p>\n<p>Amb l&#8217;objectiu de determinar el nivell de possible deterioraci\u00f3 cognitiva o altres d\u00e8ficits amn\u00e8sics i\/o atencionals, es realitza una Valoraci\u00f3 per part d&#8217;un professional especialitzat en Neuropsicologia.[\/vc_column_text][\/vc_column_inner][\/vc_row_inner][\/vc_column][\/vc_row][vc_row type=&#8221;full_width_background&#8221; full_screen_row_position=&#8221;middle&#8221; bg_color=&#8221;#ffffff&#8221; scene_position=&#8221;center&#8221; text_color=&#8221;dark&#8221; text_align=&#8221;left&#8221; top_padding=&#8221;5%&#8221; bottom_padding=&#8221;5%&#8221; overlay_strength=&#8221;0.3&#8243; shape_divider_position=&#8221;bottom&#8221; bg_image_animation=&#8221;none&#8221; shape_type=&#8221;&#8221;][vc_column column_padding=&#8221;no-extra-padding&#8221; column_padding_position=&#8221;all&#8221; background_color_opacity=&#8221;1&#8243; background_hover_color_opacity=&#8221;1&#8243; column_link_target=&#8221;_self&#8221; column_shadow=&#8221;none&#8221; column_border_radius=&#8221;none&#8221; width=&#8221;1\/1&#8243; tablet_width_inherit=&#8221;default&#8221; tablet_text_alignment=&#8221;default&#8221; phone_text_alignment=&#8221;default&#8221; column_border_width=&#8221;none&#8221; column_border_style=&#8221;solid&#8221; bg_image_animation=&#8221;none&#8221;][clients columns=&#8221;4&#8243; hover_effect=&#8221;opacity&#8221; additional_padding=&#8221;4&#8243; carousel=&#8221;true&#8221;][client image=&#8221;801&#8243; title=&#8221;Client&#8221; id=&#8221;1586951238570-9&#8243; url=&#8221;#&#8221; name=&#8221;EMDR&#8221; tab_id=&#8221;1586951238571-1&#8243;][\/client][client image=&#8221;802&#8243; title=&#8221;Client&#8221; id=&#8221;1586951238671-4&#8243; url=&#8221;#&#8221; name=&#8221;APA&#8221; tab_id=&#8221;1586951238672-2&#8243;] \u00a0[\/client][client image=&#8221;804&#8243; title=&#8221;Client&#8221; id=&#8221;1586951238760-6&#8243; url=&#8221;#&#8221; name=&#8221;ANXIETY&#8221; tab_id=&#8221;1586951238760-10&#8243;] [\/client][client image=&#8221;805&#8243; title=&#8221;Client&#8221; id=&#8221;1586951238998-8&#8243; url=&#8221;#&#8221; name=&#8221;PSICO.ORG&#8221; tab_id=&#8221;1586951238999-8&#8243;] [\/client][\/clients][\/vc_column][\/vc_row][vc_row type=&#8221;full_width_content&#8221; full_screen_row_position=&#8221;middle&#8221; equal_height=&#8221;yes&#8221; content_placement=&#8221;middle&#8221; scene_position=&#8221;center&#8221; text_color=&#8221;dark&#8221; text_align=&#8221;left&#8221; top_padding=&#8221;5%&#8221; class=&#8221;vc_hidden-md vc_hidden-sm vc_hidden-xs&#8221; id=&#8221;contacto&#8221; overlay_strength=&#8221;0.3&#8243; shape_divider_position=&#8221;bottom&#8221; bg_image_animation=&#8221;none&#8221; shape_type=&#8221;&#8221;][vc_column column_padding=&#8221;padding-10-percent&#8221; column_padding_position=&#8221;left-right&#8221; background_color=&#8221;#f8f8f8&#8243; background_color_opacity=&#8221;1&#8243; background_hover_color_opacity=&#8221;1&#8243; column_link_target=&#8221;_self&#8221; column_shadow=&#8221;none&#8221; column_border_radius=&#8221;none&#8221; width=&#8221;1\/2&#8243; tablet_width_inherit=&#8221;default&#8221; tablet_text_alignment=&#8221;default&#8221; phone_text_alignment=&#8221;default&#8221; column_border_width=&#8221;none&#8221; column_border_style=&#8221;solid&#8221; bg_image_animation=&#8221;none&#8221;][vc_column_text]\n<h3>T\u00e9 algun dubte?<\/h3>\n<p>Pot emplenar el formulari de contacte que li facilitem a continuaci\u00f3 o b\u00e9 si ho prefereix pot contactar amb el nostre servei d&#8217;atenci\u00f3 al client.[\/vc_column_text]<div role=\"form\" class=\"wpcf7\" id=\"wpcf7-f576-o1\" lang=\"es-ES\" dir=\"ltr\">\n<div class=\"screen-reader-response\"><p role=\"status\" aria-live=\"polite\" aria-atomic=\"true\"><\/p> <ul><\/ul><\/div>\n<form action=\"\/ca\/wp-json\/wp\/v2\/pages\/568#wpcf7-f576-o1\" method=\"post\" class=\"wpcf7-form init\" novalidate=\"novalidate\" data-status=\"init\">\n<div style=\"display: none;\">\n<input type=\"hidden\" name=\"_wpcf7\" value=\"576\" \/>\n<input type=\"hidden\" name=\"_wpcf7_version\" value=\"5.6\" \/>\n<input type=\"hidden\" name=\"_wpcf7_locale\" value=\"es_ES\" \/>\n<input type=\"hidden\" name=\"_wpcf7_unit_tag\" value=\"wpcf7-f576-o1\" \/>\n<input type=\"hidden\" name=\"_wpcf7_container_post\" value=\"0\" \/>\n<input type=\"hidden\" name=\"_wpcf7_posted_data_hash\" value=\"\" \/>\n<input type=\"hidden\" name=\"_wpcf7_recaptcha_response\" value=\"\" \/>\n<\/div>\n<style>\n#global {\n\theight: 100px;\n\tborder: 1px solid #ddd;\n\tbackground: #f1f1f1;\n\toverflow-y: scroll;\n}\n#mensajes {\n\theight: auto;\n}\n.texto p{\n\tpadding:4px;\n        color:#757575 !important;\n        font-size: 12px;\n        line-height: initial;\n}\n#politica-form-contact {\n    padding-bottom: 10px;\n}\ndiv.wpcf7-mail-sent-ok {\n    border: 2px solid #4caf5080;\n    background-color: #4caf5016 !important;\n    text-align: center;\n}\ndiv.wpcf7-validation-errors {\n    border: 2px solid #f4433680 !important;\n    background-color: #f4433616 !important;\n    text-align: center;\n}\n.wpcf7-form .wpcf7-not-valid-tip {\n    color: #f44336 !important;\n}\ndiv.wpcf7-response-output {\n    margin: 0;\n    padding: 1em 1em;\n}\ntextarea {\nbackground-color: #fff;\nmargin-top:5px;\n}\ninput[type=text], input[type=email], input[type=tel]{\n    background-color: #fff;\n}\n.politica-form {\npadding-bottom:5px;\n}\nspan.wpcf7-list-item {\n    margin: 0 !important;\n}\n.row.politica {\n    padding-bottom: 15px;\n}\n::-webkit-input-placeholder { \/* WebKit browsers *\/\ncolor: #ccc !important;\nopacity: 1;\n}\n:-moz-placeholder { \/* Mozilla Firefox 4 to 18 *\/\ncolor: #ccc !important;\nopacity: 1;\n}\n::-moz-placeholder { \/* Mozilla Firefox 19+ *\/\ncolor: #ccc !important;\nopacity: 1;\n}\n:-ms-input-placeholder { \/* Internet Explorer 10+ *\/\ncolor: #ccc !important;\nopacity: 1;\n}\n<\/style>\n<input type=\"hidden\" name=\"formulario\" value=\"pag-contacto-ca\" class=\"wpcf7-form-control wpcf7-hidden\" \/>\n<input type=\"hidden\" name=\"web\" value=\"centre itae\" class=\"wpcf7-form-control wpcf7-hidden\" \/>\n<input type=\"hidden\" name=\"asunto\" value=\"Valoracions de capacitat laboral\" class=\"wpcf7-form-control wpcf7-hidden\" \/>\n<div class=\"form-landing-contact\" id=\"politica-form-contact\">\n<div class=\"row politica\">\n<div class=\"col span_6\">\n<label> Nom*<br \/>\n    <span class=\"wpcf7-form-control-wrap\" data-name=\"nombre\"><input type=\"text\" name=\"nombre\" value=\"\" size=\"40\" class=\"wpcf7-form-control wpcf7-text wpcf7-validates-as-required\" aria-required=\"true\" aria-invalid=\"false\" placeholder=\"ex.John\" \/><\/span> <\/label>\n<\/div>\n<div class=\"col span_6\">\n<label> Cognom*<br \/>\n    <span class=\"wpcf7-form-control-wrap\" data-name=\"apellido\"><input type=\"text\" name=\"apellido\" value=\"\" size=\"40\" class=\"wpcf7-form-control wpcf7-text wpcf7-validates-as-required\" aria-required=\"true\" aria-invalid=\"false\" placeholder=\"ej.Smith Miller\" \/><\/span> <\/label>\n<\/div>\n<\/div>\n<div class=\"row politica\">\n<div class=\"col span_6\">\n<label> Correu electr\u00f2nic*<br \/>\n    <span class=\"wpcf7-form-control-wrap\" data-name=\"email\"><input type=\"email\" name=\"email\" value=\"\" size=\"40\" class=\"wpcf7-form-control wpcf7-text wpcf7-email wpcf7-validates-as-required wpcf7-validates-as-email\" aria-required=\"true\" aria-invalid=\"false\" placeholder=\"ex.john@micorreo.com\" \/><\/span> <\/label>\n<\/div>\n<div class=\"col span_6\">\n<label> Tel\u00e8fon*<br \/>\n    <span class=\"wpcf7-form-control-wrap\" data-name=\"telefono\"><input type=\"tel\" name=\"telefono\" value=\"\" size=\"40\" class=\"wpcf7-form-control wpcf7-text wpcf7-tel wpcf7-validates-as-required wpcf7-validates-as-tel\" aria-required=\"true\" aria-invalid=\"false\" placeholder=\"ex.678 123 456\" \/><\/span> <\/label>\n<\/div>\n<\/div>\n<div class=\"row politica\">\n<div style=\"padding-bottom:0px !important;\" class=\"row\">\n<div class=\"col span_12\">\n<label> Missatge<br \/>\n    <span class=\"wpcf7-form-control-wrap\" data-name=\"mensaje\"><textarea name=\"mensaje\" cols=\"40\" rows=\"5\" class=\"wpcf7-form-control wpcf7-textarea wpcf7-validates-as-required\" aria-required=\"true\" aria-invalid=\"false\" placeholder=\"Explica&#039;ns que podem ajudar-te...\"><\/textarea><\/span> <\/label>\n<\/div>\n<\/div>\n<div class=\"politica-form\" style=\"color: #444; font-size:14px; padding-bottom:0px;\">\n<label>T'agradaria rebre publicitat o informaci\u00f3 promocional de CENTRE ITAE SL.<\/label><br \/>\n<span class=\"wpcf7-form-control-wrap\" data-name=\"lssi\"><span class=\"wpcf7-form-control wpcf7-checkbox wpcf7-validates-as-required wpcf7-exclusive-checkbox\"><span class=\"wpcf7-list-item first\"><input type=\"checkbox\" name=\"lssi\" value=\"S\u00ed\" \/><span class=\"wpcf7-list-item-label\">S\u00ed<\/span><\/span><span class=\"wpcf7-list-item last\"><input type=\"checkbox\" name=\"lssi\" value=\"No\" \/><span class=\"wpcf7-list-item-label\">No<\/span><\/span><\/span><\/span>\n<\/div>\n<div class=\"politica-form\" style=\"font-size:14px; padding-bottom:0px;>\n<label><span class=\"wpcf7-form-control-wrap\" data-name=\"lopd\"><span class=\"wpcf7-form-control wpcf7-acceptance\"><span class=\"wpcf7-list-item\"><label><input type=\"checkbox\" name=\"lopd\" value=\"1\" aria-invalid=\"false\" \/><span class=\"wpcf7-list-item-label\"><span style=\"color: #444 !important;\">He llegit i ACCEPTO els termes d'\u00fas i <a style=\"font-size:14px; color: #444;\" href=\"\/clausulas-legales\/\" target=\"blank\" rel=\"nofollow\">cl\u00e0usules legals<\/a><\/span><\/span><\/label><\/span><\/span><\/span> <\/label>\n<\/div>\n<p><input type=\"submit\" value=\"Enviar\" class=\"wpcf7-form-control has-spinner wpcf7-submit\" \/>\n<\/p><\/div>\n<\/div>\n<div id=\"global\">\n<div id=\"mensajes\">\n<div class=\"texto\">\n<p>De conformitat amb la normativa vigent i aplicable en protecci\u00f3 de dades de car\u00e0cter personal, l'informem que les seves dades seran incorporades al sistema de tractament titularitat de CENTRE INTEGRAL D'ANSIETAT I ESTRES SL amb CIF B60677325 i domicili social situat en VIA AUGUSTA 291 08017, BARCELONA, i que a continuaci\u00f3 es relacionen les seves respectives finalitats, terminis de conservaci\u00f3 i bases legitimadores. Per a aquells tractaments que ho requereixin, s'informa tamb\u00e9 de la possible elaboraci\u00f3 de perfils i decisions automatitzades, aix\u00ed com les possibles cessions i les transfer\u00e8ncies internacionals que CENTRE INTEGRAL D'ANSIETAT I ESTRES SL t\u00e9 previst realitzar:<\/p>\n<p>- <strong>Finalitat:<\/strong> Atendre les seves consultes i\/o sol\u00b7licituds i Instal\u00b7laci\u00f3 de cookies<br \/>\n- <strong>Termini de conservaci\u00f3:<\/strong> mentre es mantingui el consentiment prestat.<br \/>\n- <strong>Base leg\u00edtima:<\/strong> El consentiment de l'interessat.<\/p>\n<p>Al seu torn, l'informem que pot contactar amb el Delegat de Protecci\u00f3 de Dades, dirigint-se per escrit a l'adre\u00e7a de correu dpo@avantagrupo.com<br \/>\nD'acord amb els drets que li confereix la normativa vigent i aplicable en protecci\u00f3 de dades podr\u00e0<br \/>\nexercir els drets d'acc\u00e9s, rectificaci\u00f3, limitaci\u00f3 de tractament, supressi\u00f3 (\u201cdret a l'oblit\u201d),<br \/>\nportabilitat i oposici\u00f3 al tractament de les seves dades de car\u00e0cter personal aix\u00ed com la revocaci\u00f3 del consentiment prestat per al tractament d'aquests, dirigint la seva petici\u00f3 a l'adre\u00e7a postal VIA AUGUSTA 291 08017, BARCELONA o al correu electr\u00f2nic dpo@avantagrupo.com. Podr\u00e0 dirigir-se a l'Autoritat de Control competent per a presentar la reclamaci\u00f3 que consideri oportuna.<\/p>\n<p>Les dades identificades amb una marca () s'entenen com a camps obligatoris i requerits, en conseq\u00fc\u00e8ncia s'entendran com a necessaris per a escometre les finalitats esmentades amb anterioritat<\/p>\n<p>Amb enviament del formulari de recollida de dades vost\u00e8 accepta la pol\u00edtica de privacitat de CENTRE INTEGRAL D'ANSIETAT I ESTRES SL.\n<\/p><\/div>\n<\/div>\n<\/div>\n<div class=\"wpcf7-response-output\" aria-hidden=\"true\"><\/div><\/form><\/div>[\/vc_column][vc_column column_padding=&#8221;no-extra-padding&#8221; column_padding_position=&#8221;all&#8221; background_color_opacity=&#8221;1&#8243; background_hover_color_opacity=&#8221;1&#8243; column_link_target=&#8221;_self&#8221; column_shadow=&#8221;none&#8221; column_border_radius=&#8221;none&#8221; width=&#8221;1\/2&#8243; tablet_width_inherit=&#8221;default&#8221; tablet_text_alignment=&#8221;default&#8221; phone_text_alignment=&#8221;default&#8221; column_border_width=&#8221;none&#8221; column_border_style=&#8221;solid&#8221; bg_image_animation=&#8221;none&#8221;][nectar_gmap map_type=&#8221;leaflet&#8221; zoom=&#8221;16&#8243; marker_style=&#8221;default&#8221; color=&#8221;accent-color&#8221; leaflet_map_greyscale=&#8221;1&#8243; size=&#8221;775&#8243; map_center_lat=&#8221;41.3976951539439&#8243; map_center_lng=&#8221;2.12908011091939&#8243; map_markers=&#8221;41.3976951539439|2.12908011091939|&#8221;][\/vc_column][\/vc_row][vc_row type=&#8221;full_width_background&#8221; full_screen_row_position=&#8221;middle&#8221; bg_color=&#8221;#f8f8f8&#8243; scene_position=&#8221;center&#8221; text_color=&#8221;dark&#8221; text_align=&#8221;left&#8221; class=&#8221;vc_hidden-lg&#8221; id=&#8221;contacto&#8221; overlay_strength=&#8221;0.3&#8243; shape_divider_position=&#8221;bottom&#8221; bg_image_animation=&#8221;none&#8221; shape_type=&#8221;&#8221;][vc_column column_padding=&#8221;no-extra-padding&#8221; column_padding_position=&#8221;all&#8221; background_color=&#8221;#f8f8f8&#8243; background_color_opacity=&#8221;1&#8243; background_hover_color_opacity=&#8221;1&#8243; column_link_target=&#8221;_self&#8221; column_shadow=&#8221;none&#8221; column_border_radius=&#8221;none&#8221; width=&#8221;1\/1&#8243; tablet_width_inherit=&#8221;default&#8221; tablet_text_alignment=&#8221;default&#8221; phone_text_alignment=&#8221;default&#8221; column_border_width=&#8221;none&#8221; column_border_style=&#8221;solid&#8221; bg_image_animation=&#8221;none&#8221;][vc_row_inner column_margin=&#8221;default&#8221; top_padding=&#8221;10%&#8221; bottom_padding=&#8221;10%&#8221; text_align=&#8221;left&#8221;][vc_column_inner column_padding=&#8221;no-extra-padding&#8221; column_padding_position=&#8221;all&#8221; background_color_opacity=&#8221;1&#8243; background_hover_color_opacity=&#8221;1&#8243; column_shadow=&#8221;none&#8221; column_border_radius=&#8221;none&#8221; column_link_target=&#8221;_self&#8221; width=&#8221;1\/1&#8243; tablet_width_inherit=&#8221;default&#8221; column_border_width=&#8221;none&#8221; column_border_style=&#8221;solid&#8221; bg_image_animation=&#8221;none&#8221;][vc_column_text]\n<h3>T\u00e9 algun dubte?<\/h3>\n<p>Pot emplenar el formulari de contacte que li facilitem a continuaci\u00f3 o b\u00e9 si ho prefereix pot contactar amb el nostre servei d&#8217;atenci\u00f3 al client.[\/vc_column_text]<div role=\"form\" class=\"wpcf7\" id=\"wpcf7-f576-o2\" lang=\"es-ES\" dir=\"ltr\">\n<div class=\"screen-reader-response\"><p role=\"status\" aria-live=\"polite\" aria-atomic=\"true\"><\/p> <ul><\/ul><\/div>\n<form action=\"\/ca\/wp-json\/wp\/v2\/pages\/568#wpcf7-f576-o2\" method=\"post\" class=\"wpcf7-form init\" novalidate=\"novalidate\" data-status=\"init\">\n<div style=\"display: none;\">\n<input type=\"hidden\" name=\"_wpcf7\" value=\"576\" \/>\n<input type=\"hidden\" name=\"_wpcf7_version\" value=\"5.6\" \/>\n<input type=\"hidden\" name=\"_wpcf7_locale\" value=\"es_ES\" \/>\n<input type=\"hidden\" name=\"_wpcf7_unit_tag\" value=\"wpcf7-f576-o2\" \/>\n<input type=\"hidden\" name=\"_wpcf7_container_post\" value=\"0\" \/>\n<input type=\"hidden\" name=\"_wpcf7_posted_data_hash\" value=\"\" \/>\n<input type=\"hidden\" name=\"_wpcf7_recaptcha_response\" value=\"\" \/>\n<\/div>\n<style>\n#global {\n\theight: 100px;\n\tborder: 1px solid #ddd;\n\tbackground: #f1f1f1;\n\toverflow-y: scroll;\n}\n#mensajes {\n\theight: auto;\n}\n.texto p{\n\tpadding:4px;\n        color:#757575 !important;\n        font-size: 12px;\n        line-height: initial;\n}\n#politica-form-contact {\n    padding-bottom: 10px;\n}\ndiv.wpcf7-mail-sent-ok {\n    border: 2px solid #4caf5080;\n    background-color: #4caf5016 !important;\n    text-align: center;\n}\ndiv.wpcf7-validation-errors {\n    border: 2px solid #f4433680 !important;\n    background-color: #f4433616 !important;\n    text-align: center;\n}\n.wpcf7-form .wpcf7-not-valid-tip {\n    color: #f44336 !important;\n}\ndiv.wpcf7-response-output {\n    margin: 0;\n    padding: 1em 1em;\n}\ntextarea {\nbackground-color: #fff;\nmargin-top:5px;\n}\ninput[type=text], input[type=email], input[type=tel]{\n    background-color: #fff;\n}\n.politica-form {\npadding-bottom:5px;\n}\nspan.wpcf7-list-item {\n    margin: 0 !important;\n}\n.row.politica {\n    padding-bottom: 15px;\n}\n::-webkit-input-placeholder { \/* WebKit browsers *\/\ncolor: #ccc !important;\nopacity: 1;\n}\n:-moz-placeholder { \/* Mozilla Firefox 4 to 18 *\/\ncolor: #ccc !important;\nopacity: 1;\n}\n::-moz-placeholder { \/* Mozilla Firefox 19+ *\/\ncolor: #ccc !important;\nopacity: 1;\n}\n:-ms-input-placeholder { \/* Internet Explorer 10+ *\/\ncolor: #ccc !important;\nopacity: 1;\n}\n<\/style>\n<input type=\"hidden\" name=\"formulario\" value=\"pag-contacto-ca\" class=\"wpcf7-form-control wpcf7-hidden\" \/>\n<input type=\"hidden\" name=\"web\" value=\"centre itae\" class=\"wpcf7-form-control wpcf7-hidden\" \/>\n<input type=\"hidden\" name=\"asunto\" value=\"Valoracions de capacitat laboral\" class=\"wpcf7-form-control wpcf7-hidden\" \/>\n<div class=\"form-landing-contact\" id=\"politica-form-contact\">\n<div class=\"row politica\">\n<div class=\"col span_6\">\n<label> Nom*<br \/>\n    <span class=\"wpcf7-form-control-wrap\" data-name=\"nombre\"><input type=\"text\" name=\"nombre\" value=\"\" size=\"40\" class=\"wpcf7-form-control wpcf7-text wpcf7-validates-as-required\" aria-required=\"true\" aria-invalid=\"false\" placeholder=\"ex.John\" \/><\/span> <\/label>\n<\/div>\n<div class=\"col span_6\">\n<label> Cognom*<br \/>\n    <span class=\"wpcf7-form-control-wrap\" data-name=\"apellido\"><input type=\"text\" name=\"apellido\" value=\"\" size=\"40\" class=\"wpcf7-form-control wpcf7-text wpcf7-validates-as-required\" aria-required=\"true\" aria-invalid=\"false\" placeholder=\"ej.Smith Miller\" \/><\/span> <\/label>\n<\/div>\n<\/div>\n<div class=\"row politica\">\n<div class=\"col span_6\">\n<label> Correu electr\u00f2nic*<br \/>\n    <span class=\"wpcf7-form-control-wrap\" data-name=\"email\"><input type=\"email\" name=\"email\" value=\"\" size=\"40\" class=\"wpcf7-form-control wpcf7-text wpcf7-email wpcf7-validates-as-required wpcf7-validates-as-email\" aria-required=\"true\" aria-invalid=\"false\" placeholder=\"ex.john@micorreo.com\" \/><\/span> <\/label>\n<\/div>\n<div class=\"col span_6\">\n<label> Tel\u00e8fon*<br \/>\n    <span class=\"wpcf7-form-control-wrap\" data-name=\"telefono\"><input type=\"tel\" name=\"telefono\" value=\"\" size=\"40\" class=\"wpcf7-form-control wpcf7-text wpcf7-tel wpcf7-validates-as-required wpcf7-validates-as-tel\" aria-required=\"true\" aria-invalid=\"false\" placeholder=\"ex.678 123 456\" \/><\/span> <\/label>\n<\/div>\n<\/div>\n<div class=\"row politica\">\n<div style=\"padding-bottom:0px !important;\" class=\"row\">\n<div class=\"col span_12\">\n<label> Missatge<br \/>\n    <span class=\"wpcf7-form-control-wrap\" data-name=\"mensaje\"><textarea name=\"mensaje\" cols=\"40\" rows=\"5\" class=\"wpcf7-form-control wpcf7-textarea wpcf7-validates-as-required\" aria-required=\"true\" aria-invalid=\"false\" placeholder=\"Explica&#039;ns que podem ajudar-te...\"><\/textarea><\/span> <\/label>\n<\/div>\n<\/div>\n<div class=\"politica-form\" style=\"color: #444; font-size:14px; padding-bottom:0px;\">\n<label>T'agradaria rebre publicitat o informaci\u00f3 promocional de CENTRE ITAE SL.<\/label><br \/>\n<span class=\"wpcf7-form-control-wrap\" data-name=\"lssi\"><span class=\"wpcf7-form-control wpcf7-checkbox wpcf7-validates-as-required wpcf7-exclusive-checkbox\"><span class=\"wpcf7-list-item first\"><input type=\"checkbox\" name=\"lssi\" value=\"S\u00ed\" \/><span class=\"wpcf7-list-item-label\">S\u00ed<\/span><\/span><span class=\"wpcf7-list-item last\"><input type=\"checkbox\" name=\"lssi\" value=\"No\" \/><span class=\"wpcf7-list-item-label\">No<\/span><\/span><\/span><\/span>\n<\/div>\n<div class=\"politica-form\" style=\"font-size:14px; padding-bottom:0px;>\n<label><span class=\"wpcf7-form-control-wrap\" data-name=\"lopd\"><span class=\"wpcf7-form-control wpcf7-acceptance\"><span class=\"wpcf7-list-item\"><label><input type=\"checkbox\" name=\"lopd\" value=\"1\" aria-invalid=\"false\" \/><span class=\"wpcf7-list-item-label\"><span style=\"color: #444 !important;\">He llegit i ACCEPTO els termes d'\u00fas i <a style=\"font-size:14px; color: #444;\" href=\"\/clausulas-legales\/\" target=\"blank\" rel=\"nofollow\">cl\u00e0usules legals<\/a><\/span><\/span><\/label><\/span><\/span><\/span> <\/label>\n<\/div>\n<p><input type=\"submit\" value=\"Enviar\" class=\"wpcf7-form-control has-spinner wpcf7-submit\" \/>\n<\/p><\/div>\n<\/div>\n<div id=\"global\">\n<div id=\"mensajes\">\n<div class=\"texto\">\n<p>De conformitat amb la normativa vigent i aplicable en protecci\u00f3 de dades de car\u00e0cter personal, l'informem que les seves dades seran incorporades al sistema de tractament titularitat de CENTRE INTEGRAL D'ANSIETAT I ESTRES SL amb CIF B60677325 i domicili social situat en VIA AUGUSTA 291 08017, BARCELONA, i que a continuaci\u00f3 es relacionen les seves respectives finalitats, terminis de conservaci\u00f3 i bases legitimadores. Per a aquells tractaments que ho requereixin, s'informa tamb\u00e9 de la possible elaboraci\u00f3 de perfils i decisions automatitzades, aix\u00ed com les possibles cessions i les transfer\u00e8ncies internacionals que CENTRE INTEGRAL D'ANSIETAT I ESTRES SL t\u00e9 previst realitzar:<\/p>\n<p>- <strong>Finalitat:<\/strong> Atendre les seves consultes i\/o sol\u00b7licituds i Instal\u00b7laci\u00f3 de cookies<br \/>\n- <strong>Termini de conservaci\u00f3:<\/strong> mentre es mantingui el consentiment prestat.<br \/>\n- <strong>Base leg\u00edtima:<\/strong> El consentiment de l'interessat.<\/p>\n<p>Al seu torn, l'informem que pot contactar amb el Delegat de Protecci\u00f3 de Dades, dirigint-se per escrit a l'adre\u00e7a de correu dpo@avantagrupo.com<br \/>\nD'acord amb els drets que li confereix la normativa vigent i aplicable en protecci\u00f3 de dades podr\u00e0<br \/>\nexercir els drets d'acc\u00e9s, rectificaci\u00f3, limitaci\u00f3 de tractament, supressi\u00f3 (\u201cdret a l'oblit\u201d),<br \/>\nportabilitat i oposici\u00f3 al tractament de les seves dades de car\u00e0cter personal aix\u00ed com la revocaci\u00f3 del consentiment prestat per al tractament d'aquests, dirigint la seva petici\u00f3 a l'adre\u00e7a postal VIA AUGUSTA 291 08017, BARCELONA o al correu electr\u00f2nic dpo@avantagrupo.com. Podr\u00e0 dirigir-se a l'Autoritat de Control competent per a presentar la reclamaci\u00f3 que consideri oportuna.<\/p>\n<p>Les dades identificades amb una marca () s'entenen com a camps obligatoris i requerits, en conseq\u00fc\u00e8ncia s'entendran com a necessaris per a escometre les finalitats esmentades amb anterioritat<\/p>\n<p>Amb enviament del formulari de recollida de dades vost\u00e8 accepta la pol\u00edtica de privacitat de CENTRE INTEGRAL D'ANSIETAT I ESTRES SL.\n<\/p><\/div>\n<\/div>\n<\/div>\n<div class=\"wpcf7-response-output\" aria-hidden=\"true\"><\/div><\/form><\/div>[\/vc_column_inner][\/vc_row_inner][vc_row_inner column_margin=&#8221;default&#8221; bottom_padding=&#8221;15%&#8221; text_align=&#8221;left&#8221;][vc_column_inner column_padding=&#8221;no-extra-padding&#8221; column_padding_position=&#8221;all&#8221; background_color_opacity=&#8221;1&#8243; background_hover_color_opacity=&#8221;1&#8243; column_shadow=&#8221;none&#8221; column_border_radius=&#8221;none&#8221; column_link_target=&#8221;_self&#8221; width=&#8221;1\/1&#8243; tablet_width_inherit=&#8221;default&#8221; column_border_width=&#8221;none&#8221; column_border_style=&#8221;solid&#8221; bg_image_animation=&#8221;none&#8221;][nectar_gmap map_type=&#8221;leaflet&#8221; zoom=&#8221;16&#8243; marker_style=&#8221;default&#8221; color=&#8221;accent-color&#8221; leaflet_map_greyscale=&#8221;1&#8243; size=&#8221;350&#8243; map_center_lat=&#8221;41.3976951539439&#8243; map_center_lng=&#8221;2.12908011091939&#8243; map_markers=&#8221;41.3976951539439|2.12908011091939|&#8221;][\/vc_column_inner][\/vc_row_inner][\/vc_column][\/vc_row][vc_row type=&#8221;full_width_background&#8221; full_screen_row_position=&#8221;middle&#8221; bg_color=&#8221;#f8f8f8&#8243; scene_position=&#8221;center&#8221; text_color=&#8221;dark&#8221; text_align=&#8221;left&#8221; class=&#8221;vc_hidden-md vc_hidden-sm vc_hidden-xs&#8221; id=&#8221;contacto&#8221; overlay_strength=&#8221;0.3&#8243; shape_divider_position=&#8221;bottom&#8221; bg_image_animation=&#8221;none&#8221; shape_type=&#8221;&#8221;][vc_column column_padding=&#8221;padding-7-percent&#8221; column_padding_position=&#8221;all&#8221; background_color=&#8221;#f8f8f8&#8243; background_color_opacity=&#8221;1&#8243; background_hover_color_opacity=&#8221;1&#8243; column_link_target=&#8221;_self&#8221; column_shadow=&#8221;none&#8221; column_border_radius=&#8221;none&#8221; width=&#8221;1\/1&#8243; tablet_width_inherit=&#8221;default&#8221; tablet_text_alignment=&#8221;default&#8221; phone_text_alignment=&#8221;default&#8221; column_border_width=&#8221;none&#8221; column_border_style=&#8221;solid&#8221; bg_image_animation=&#8221;none&#8221;][vc_row_inner column_margin=&#8221;default&#8221; text_align=&#8221;left&#8221;][vc_column_inner column_padding=&#8221;no-extra-padding&#8221; column_padding_position=&#8221;all&#8221; background_color_opacity=&#8221;1&#8243; background_hover_color_opacity=&#8221;1&#8243; column_shadow=&#8221;none&#8221; column_border_radius=&#8221;none&#8221; column_link_target=&#8221;_self&#8221; width=&#8221;1\/4&#8243; tablet_width_inherit=&#8221;default&#8221; column_border_width=&#8221;none&#8221; column_border_style=&#8221;solid&#8221; bg_image_animation=&#8221;none&#8221;][vc_column_text]\n<h3>Centre Itae Barcelona<\/h3>\n<p style=\"line-height: 35px;\">Via Augusta 291, bajos<br \/>\n(08017) Barcelona<\/p>\n[\/vc_column_text][\/vc_column_inner][vc_column_inner column_padding=&#8221;no-extra-padding&#8221; column_padding_position=&#8221;all&#8221; background_color_opacity=&#8221;1&#8243; background_hover_color_opacity=&#8221;1&#8243; column_shadow=&#8221;none&#8221; column_border_radius=&#8221;none&#8221; column_link_target=&#8221;_self&#8221; width=&#8221;1\/4&#8243; tablet_width_inherit=&#8221;default&#8221; column_border_width=&#8221;none&#8221; column_border_style=&#8221;solid&#8221; bg_image_animation=&#8221;none&#8221;][vc_column_text]\n<h3>Centre Itae Girona<\/h3>\n<p style=\"line-height: 35px;\">Migdia,9 Entresol D<br \/>\n(17002) Gerona<\/p>\n[\/vc_column_text][\/vc_column_inner][vc_column_inner column_padding=&#8221;no-extra-padding&#8221; column_padding_position=&#8221;all&#8221; background_color_opacity=&#8221;1&#8243; background_hover_color_opacity=&#8221;1&#8243; column_shadow=&#8221;none&#8221; column_border_radius=&#8221;none&#8221; column_link_target=&#8221;_self&#8221; width=&#8221;1\/4&#8243; tablet_width_inherit=&#8221;default&#8221; column_border_width=&#8221;none&#8221; column_border_style=&#8221;solid&#8221; bg_image_animation=&#8221;none&#8221;][vc_column_text]\n<h3>Centre Itae Madrid<\/h3>\n<p style=\"line-height: 35px;\">Fern\u00e1ndez de la Hoz, 45<br \/>\n(28010) Madrid<\/p>\n[\/vc_column_text][\/vc_column_inner][vc_column_inner column_padding=&#8221;no-extra-padding&#8221; column_padding_position=&#8221;all&#8221; background_color_opacity=&#8221;1&#8243; background_hover_color_opacity=&#8221;1&#8243; column_shadow=&#8221;none&#8221; column_border_radius=&#8221;none&#8221; column_link_target=&#8221;_self&#8221; width=&#8221;1\/4&#8243; tablet_width_inherit=&#8221;default&#8221; column_border_width=&#8221;none&#8221; column_border_style=&#8221;solid&#8221; bg_image_animation=&#8221;none&#8221;][vc_column_text]\n<h3>Atenci\u00f3 al client<\/h3>\n<p style=\"line-height: 35px;\"><i class=\"icon-default-style icon-envelope\" style=\"font-size: 16px !important;\"><\/i><a href=\"mailto:name@email.com\">info@centreitae.com<\/a><br \/>\n<i class=\"icon-default-style icon-phone\" style=\"font-size: 16px !important;\"><\/i><a href=\"tel:902100006\">902 100 006<\/a><\/p>\n[\/vc_column_text][\/vc_column_inner][\/vc_row_inner][\/vc_column][\/vc_row][vc_row type=&#8221;full_width_background&#8221; full_screen_row_position=&#8221;middle&#8221; scene_position=&#8221;center&#8221; text_color=&#8221;dark&#8221; text_align=&#8221;left&#8221; top_padding=&#8221;5%&#8221; bottom_padding=&#8221;10%&#8221; class=&#8221;vc_hidden-lg&#8221; id=&#8221;contacto&#8221; overlay_strength=&#8221;0.3&#8243; shape_divider_position=&#8221;bottom&#8221; bg_image_animation=&#8221;none&#8221; shape_type=&#8221;&#8221;][vc_column column_padding=&#8221;padding-5-percent&#8221; column_padding_position=&#8221;top-bottom&#8221; background_color_opacity=&#8221;1&#8243; background_hover_color_opacity=&#8221;1&#8243; column_link_target=&#8221;_self&#8221; column_shadow=&#8221;none&#8221; column_border_radius=&#8221;none&#8221; width=&#8221;1\/1&#8243; tablet_width_inherit=&#8221;default&#8221; tablet_text_alignment=&#8221;default&#8221; phone_text_alignment=&#8221;default&#8221; column_border_width=&#8221;none&#8221; column_border_style=&#8221;solid&#8221; bg_image_animation=&#8221;none&#8221;][vc_row_inner column_margin=&#8221;default&#8221; text_align=&#8221;left&#8221;][vc_column_inner column_padding=&#8221;no-extra-padding&#8221; column_padding_position=&#8221;bottom&#8221; background_color_opacity=&#8221;1&#8243; background_hover_color_opacity=&#8221;1&#8243; column_shadow=&#8221;none&#8221; column_border_radius=&#8221;none&#8221; column_link_target=&#8221;_self&#8221; width=&#8221;1\/2&#8243; tablet_width_inherit=&#8221;default&#8221; column_border_width=&#8221;none&#8221; column_border_style=&#8221;solid&#8221; bg_image_animation=&#8221;none&#8221;][vc_column_text]\n<h3>Centre Itae Barcelona<\/h3>\n<p style=\"line-height: 35px;\">Via Augusta 291, bajos<br \/>\n(08017) Barcelona<\/p>\n[\/vc_column_text]<div class=\"divider-wrap\" data-alignment=\"default\"><div style=\"margin-top: 12px; height: 1px; margin-bottom: 12px;\" data-width=\"100%\" data-animate=\"\" data-animation-delay=\"\" data-color=\"default\" class=\"divider-border\"><\/div><\/div>[\/vc_column_inner][vc_column_inner column_padding=&#8221;no-extra-padding&#8221; column_padding_position=&#8221;bottom&#8221; background_color_opacity=&#8221;1&#8243; background_hover_color_opacity=&#8221;1&#8243; column_shadow=&#8221;none&#8221; column_border_radius=&#8221;none&#8221; column_link_target=&#8221;_self&#8221; width=&#8221;1\/2&#8243; tablet_width_inherit=&#8221;default&#8221; column_border_width=&#8221;none&#8221; column_border_style=&#8221;solid&#8221; bg_image_animation=&#8221;none&#8221;][vc_column_text]\n<h3>Centre Itae Girona<\/h3>\n<p style=\"line-height: 35px;\">Migdia,9 Entresol D<br \/>\n(17002) Gerona<\/p>\n[\/vc_column_text]<div class=\"divider-wrap\" data-alignment=\"default\"><div style=\"margin-top: 12px; height: 1px; margin-bottom: 12px;\" data-width=\"100%\" data-animate=\"\" data-animation-delay=\"\" data-color=\"default\" class=\"divider-border\"><\/div><\/div>[\/vc_column_inner][\/vc_row_inner][vc_row_inner column_margin=&#8221;default&#8221; text_align=&#8221;left&#8221;][vc_column_inner column_padding=&#8221;no-extra-padding&#8221; column_padding_position=&#8221;bottom&#8221; background_color_opacity=&#8221;1&#8243; background_hover_color_opacity=&#8221;1&#8243; column_shadow=&#8221;none&#8221; column_border_radius=&#8221;none&#8221; column_link_target=&#8221;_self&#8221; width=&#8221;1\/2&#8243; tablet_width_inherit=&#8221;default&#8221; column_border_width=&#8221;none&#8221; column_border_style=&#8221;solid&#8221; bg_image_animation=&#8221;none&#8221;][vc_column_text]\n<h3>Centre Itae Madrid<\/h3>\n<p style=\"line-height: 35px;\">Fern\u00e1ndez de la Hoz, 45<br \/>\n(28010) Madrid<\/p>\n[\/vc_column_text]<div class=\"divider-wrap\" data-alignment=\"default\"><div style=\"margin-top: 12px; height: 1px; margin-bottom: 12px;\" data-width=\"100%\" data-animate=\"\" data-animation-delay=\"\" data-color=\"default\" class=\"divider-border\"><\/div><\/div>[\/vc_column_inner][vc_column_inner column_padding=&#8221;no-extra-padding&#8221; column_padding_position=&#8221;bottom&#8221; background_color_opacity=&#8221;1&#8243; background_hover_color_opacity=&#8221;1&#8243; column_shadow=&#8221;none&#8221; column_border_radius=&#8221;none&#8221; column_link_target=&#8221;_self&#8221; width=&#8221;1\/2&#8243; tablet_width_inherit=&#8221;default&#8221; column_border_width=&#8221;none&#8221; column_border_style=&#8221;solid&#8221; bg_image_animation=&#8221;none&#8221;][vc_column_text]\n<h3>Atenci\u00f3 al client<\/h3>\n<p style=\"line-height: 35px;\"><i class=\"icon-default-style icon-envelope\" style=\"font-size: 16px !important;\"><\/i><a href=\"mailto:name@email.com\">info@centreitae.com<\/a><br \/>\n<i class=\"icon-default-style icon-phone\" style=\"font-size: 16px !important;\"><\/i><a href=\"tel:902100006\">902 100 006<\/a><\/p>\n[\/vc_column_text]<div class=\"divider-wrap\" data-alignment=\"default\"><div style=\"margin-top: 12px; height: 1px; margin-bottom: 12px;\" data-width=\"100%\" data-animate=\"\" data-animation-delay=\"\" data-color=\"default\" class=\"divider-border\"><\/div><\/div>[\/vc_column_inner][\/vc_row_inner][\/vc_column][\/vc_row]\n","protected":false},"excerpt":{"rendered":"<p>[vc_row type=&#8221;full_width_background&#8221; full_screen_row_position=&#8221;middle&#8221; bg_image=&#8221;785&#8243; bg_position=&#8221;center center&#8221; bg_repeat=&#8221;no-repeat&#8221; full_height=&#8221;yes&#8221; bg_color=&#8221;#141414&#8243; scene_position=&#8221;center&#8221; text_color=&#8221;light&#8221; text_align=&#8221;left&#8221; color_overlay=&#8221;#444444&#8243; overlay_strength=&#8221;0.3&#8243; shape_divider_position=&#8221;bottom&#8221; bg_image_animation=&#8221;none&#8221; shape_type=&#8221;&#8221;][vc_column column_padding=&#8221;padding-2-percent&#8221; column_padding_position=&#8221;right&#8221; background_color_opacity=&#8221;1&#8243; background_hover_color_opacity=&#8221;1&#8243; column_link_target=&#8221;_self&#8221; column_shadow=&#8221;none&#8221; column_border_radius=&#8221;none&#8221; width=&#8221;2\/3&#8243; tablet_width_inherit=&#8221;default&#8221; tablet_text_alignment=&#8221;default&#8221; phone_text_alignment=&#8221;default&#8221; column_border_width=&#8221;none&#8221; column_border_style=&#8221;solid&#8221;&#8230;<\/p>\n","protected":false},"author":1,"featured_media":0,"parent":0,"menu_order":0,"comment_status":"closed","ping_status":"closed","template":"","meta":[],"yoast_head":"<!-- This site is optimized with the Yoast SEO plugin v19.2 - https:\/\/yoast.com\/wordpress\/plugins\/seo\/ -->\n<title>Valoracions Psiqui\u00e0triques de Capacitat Laboral | Centre Itae<\/title>\n<meta name=\"description\" content=\"El Centre Itae \u00e9s una empresa de serveis m\u00e8dics especialitzats en Psiquiatria i Psicologia, orientats a realitzaci\u00f3 de Valoracions Psicopatol\u00f2giques.\" \/>\n<meta name=\"robots\" content=\"index, follow, max-snippet:-1, max-image-preview:large, max-video-preview:-1\" \/>\n<link rel=\"canonical\" href=\"https:\/\/centreitae.com\/ca\/\" \/>\n<meta property=\"og:locale\" content=\"ca_ES\" \/>\n<meta property=\"og:type\" content=\"article\" \/>\n<meta property=\"og:title\" content=\"Valoracions Psiqui\u00e0triques de Capacitat Laboral | Centre Itae\" \/>\n<meta property=\"og:description\" content=\"El Centre Itae \u00e9s una empresa de serveis m\u00e8dics especialitzats en Psiquiatria i Psicologia cl\u00ednica, orientats, a la realitzaci\u00f3 de Valoracions Psicopatol\u00f2giques per a la capacitat laboral. El nostre principal objectiu \u00e9s col\u00b7laborar amb els Serveis de control ITCC (IT per Conting\u00e8ncia Comuna) quant a la valoraci\u00f3 cl\u00ednica i peritatge dels pacients en situaci\u00f3 de IT per patologia psiqui\u00e0trica-psicol\u00f2gica.\" \/>\n<meta property=\"og:url\" content=\"https:\/\/centreitae.com\/ca\/\" \/>\n<meta property=\"og:site_name\" content=\"Centro de valoraciones m\u00e9dicas\" \/>\n<meta property=\"article:modified_time\" content=\"2020-04-15T11:48:12+00:00\" \/>\n<meta name=\"author\" content=\"adevvazz\" \/>\n<meta name=\"twitter:card\" content=\"summary_large_image\" \/>\n<meta name=\"twitter:title\" content=\"Valoracions Psiqui\u00e0triques de Capacitat Laboral | Centre Itae\" \/>\n<meta name=\"twitter:description\" content=\"El Centre Itae \u00e9s una empresa de serveis m\u00e8dics especialitzats en Psiquiatria i Psicologia cl\u00ednica, orientats, a la realitzaci\u00f3 de Valoracions Psicopatol\u00f2giques per a la capacitat laboral. El nostre principal objectiu \u00e9s col\u00b7laborar amb els Serveis de control ITCC (IT per Conting\u00e8ncia Comuna) quant a la valoraci\u00f3 cl\u00ednica i peritatge dels pacients en situaci\u00f3 de IT per patologia psiqui\u00e0trica-psicol\u00f2gica.\" \/>\n<meta name=\"twitter:label1\" content=\"Temps estimat de lectura\" \/>\n\t<meta name=\"twitter:data1\" content=\"22 minuts\" \/>\n<script type=\"application\/ld+json\" class=\"yoast-schema-graph\">{\"@context\":\"https:\/\/schema.org\",\"@graph\":[{\"@type\":\"WebSite\",\"@id\":\"https:\/\/centreitae.com\/#website\",\"url\":\"https:\/\/centreitae.com\/\",\"name\":\"Centro de valoraciones m\u00e9dicas\",\"description\":\"Otro sitio realizado con WordPress\",\"potentialAction\":[{\"@type\":\"SearchAction\",\"target\":{\"@type\":\"EntryPoint\",\"urlTemplate\":\"https:\/\/centreitae.com\/?s={search_term_string}\"},\"query-input\":\"required name=search_term_string\"}],\"inLanguage\":\"ca\"},{\"@type\":\"WebPage\",\"@id\":\"https:\/\/centreitae.com\/ca\/#webpage\",\"url\":\"https:\/\/centreitae.com\/ca\/\",\"name\":\"Valoracions Psiqui\u00e0triques de Capacitat Laboral | Centre Itae\",\"isPartOf\":{\"@id\":\"https:\/\/centreitae.com\/#website\"},\"datePublished\":\"2019-05-27T11:06:09+00:00\",\"dateModified\":\"2020-04-15T11:48:12+00:00\",\"description\":\"El Centre Itae \u00e9s una empresa de serveis m\u00e8dics especialitzats en Psiquiatria i Psicologia, orientats a realitzaci\u00f3 de Valoracions Psicopatol\u00f2giques.\",\"breadcrumb\":{\"@id\":\"https:\/\/centreitae.com\/ca\/#breadcrumb\"},\"inLanguage\":\"ca\",\"potentialAction\":[{\"@type\":\"ReadAction\",\"target\":[\"https:\/\/centreitae.com\/ca\/\"]}]},{\"@type\":\"BreadcrumbList\",\"@id\":\"https:\/\/centreitae.com\/ca\/#breadcrumb\",\"itemListElement\":[{\"@type\":\"ListItem\",\"position\":1,\"name\":\"Portada\",\"item\":\"https:\/\/centreitae.com\/ca\/\"},{\"@type\":\"ListItem\",\"position\":2,\"name\":\"Valoracions Psiqui\u00e0triques de Capacitat Laboral\"}]}]}<\/script>\n<!-- \/ Yoast SEO plugin. -->","yoast_head_json":{"title":"Valoracions Psiqui\u00e0triques de Capacitat Laboral | Centre Itae","description":"El Centre Itae \u00e9s una empresa de serveis m\u00e8dics especialitzats en Psiquiatria i Psicologia, orientats a realitzaci\u00f3 de Valoracions Psicopatol\u00f2giques.","robots":{"index":"index","follow":"follow","max-snippet":"max-snippet:-1","max-image-preview":"max-image-preview:large","max-video-preview":"max-video-preview:-1"},"canonical":"https:\/\/centreitae.com\/ca\/","og_locale":"ca_ES","og_type":"article","og_title":"Valoracions Psiqui\u00e0triques de Capacitat Laboral | Centre Itae","og_description":"El Centre Itae \u00e9s una empresa de serveis m\u00e8dics especialitzats en Psiquiatria i Psicologia cl\u00ednica, orientats, a la realitzaci\u00f3 de Valoracions Psicopatol\u00f2giques per a la capacitat laboral. El nostre principal objectiu \u00e9s col\u00b7laborar amb els Serveis de control ITCC (IT per Conting\u00e8ncia Comuna) quant a la valoraci\u00f3 cl\u00ednica i peritatge dels pacients en situaci\u00f3 de IT per patologia psiqui\u00e0trica-psicol\u00f2gica.","og_url":"https:\/\/centreitae.com\/ca\/","og_site_name":"Centro de valoraciones m\u00e9dicas","article_modified_time":"2020-04-15T11:48:12+00:00","author":"adevvazz","twitter_card":"summary_large_image","twitter_title":"Valoracions Psiqui\u00e0triques de Capacitat Laboral | Centre Itae","twitter_description":"El Centre Itae \u00e9s una empresa de serveis m\u00e8dics especialitzats en Psiquiatria i Psicologia cl\u00ednica, orientats, a la realitzaci\u00f3 de Valoracions Psicopatol\u00f2giques per a la capacitat laboral. El nostre principal objectiu \u00e9s col\u00b7laborar amb els Serveis de control ITCC (IT per Conting\u00e8ncia Comuna) quant a la valoraci\u00f3 cl\u00ednica i peritatge dels pacients en situaci\u00f3 de IT per patologia psiqui\u00e0trica-psicol\u00f2gica.","twitter_misc":{"Temps estimat de lectura":"22 minuts"},"schema":{"@context":"https:\/\/schema.org","@graph":[{"@type":"WebSite","@id":"https:\/\/centreitae.com\/#website","url":"https:\/\/centreitae.com\/","name":"Centro de valoraciones m\u00e9dicas","description":"Otro sitio realizado con WordPress","potentialAction":[{"@type":"SearchAction","target":{"@type":"EntryPoint","urlTemplate":"https:\/\/centreitae.com\/?s={search_term_string}"},"query-input":"required name=search_term_string"}],"inLanguage":"ca"},{"@type":"WebPage","@id":"https:\/\/centreitae.com\/ca\/#webpage","url":"https:\/\/centreitae.com\/ca\/","name":"Valoracions Psiqui\u00e0triques de Capacitat Laboral | Centre Itae","isPartOf":{"@id":"https:\/\/centreitae.com\/#website"},"datePublished":"2019-05-27T11:06:09+00:00","dateModified":"2020-04-15T11:48:12+00:00","description":"El Centre Itae \u00e9s una empresa de serveis m\u00e8dics especialitzats en Psiquiatria i Psicologia, orientats a realitzaci\u00f3 de Valoracions Psicopatol\u00f2giques.","breadcrumb":{"@id":"https:\/\/centreitae.com\/ca\/#breadcrumb"},"inLanguage":"ca","potentialAction":[{"@type":"ReadAction","target":["https:\/\/centreitae.com\/ca\/"]}]},{"@type":"BreadcrumbList","@id":"https:\/\/centreitae.com\/ca\/#breadcrumb","itemListElement":[{"@type":"ListItem","position":1,"name":"Portada","item":"https:\/\/centreitae.com\/ca\/"},{"@type":"ListItem","position":2,"name":"Valoracions Psiqui\u00e0triques de Capacitat Laboral"}]}]}},"_links":{"self":[{"href":"https:\/\/centreitae.com\/ca\/wp-json\/wp\/v2\/pages\/568"}],"collection":[{"href":"https:\/\/centreitae.com\/ca\/wp-json\/wp\/v2\/pages"}],"about":[{"href":"https:\/\/centreitae.com\/ca\/wp-json\/wp\/v2\/types\/page"}],"author":[{"embeddable":true,"href":"https:\/\/centreitae.com\/ca\/wp-json\/wp\/v2\/users\/1"}],"replies":[{"embeddable":true,"href":"https:\/\/centreitae.com\/ca\/wp-json\/wp\/v2\/comments?post=568"}],"version-history":[{"count":8,"href":"https:\/\/centreitae.com\/ca\/wp-json\/wp\/v2\/pages\/568\/revisions"}],"predecessor-version":[{"id":820,"href":"https:\/\/centreitae.com\/ca\/wp-json\/wp\/v2\/pages\/568\/revisions\/820"}],"wp:attachment":[{"href":"https:\/\/centreitae.com\/ca\/wp-json\/wp\/v2\/media?parent=568"}],"curies":[{"name":"wp","href":"https:\/\/api.w.org\/{rel}","templated":true}]}}